{"id":1488,"date":"2023-06-14T18:11:08","date_gmt":"2023-06-14T16:11:08","guid":{"rendered":"https:\/\/linz-hotel.at\/salone-dellorso\/"},"modified":"2024-02-04T11:56:18","modified_gmt":"2024-02-04T10:56:18","slug":"salone-dellorso","status":"publish","type":"page","link":"https:\/\/linz-hotel.at\/it\/salone-dellorso\/","title":{"rendered":"Salone dell&#8217;orso"},"content":{"rendered":"\t\t<div data-elementor-type=\"wp-page\" data-elementor-id=\"1488\" class=\"elementor elementor-1488 elementor-461\">\n\t\t\t\t\t\t<section class=\"elementor-section elementor-top-section elementor-element elementor-element-6ddfce6 elementor-hidden-mobile elementor-section-boxed elementor-section-height-default elementor-section-height-default\" data-id=\"6ddfce6\" data-element_type=\"section\" data-settings=\"{&quot;background_background&quot;:&quot;classic&quot;}\">\n\t\t\t\t\t\t<div class=\"elementor-container elementor-column-gap-default\">\n\t\t\t\t\t<div class=\"elementor-column elementor-col-100 elementor-top-column elementor-element elementor-element-f482b3b\" data-id=\"f482b3b\" data-element_type=\"column\">\n\t\t\t<div class=\"elementor-widget-wrap\">\n\t\t\t\t\t\t\t<\/div>\n\t\t<\/div>\n\t\t\t\t\t<\/div>\n\t\t<\/section>\n\t\t\t\t<section class=\"elementor-section elementor-top-section elementor-element elementor-element-08b600c elementor-section-boxed elementor-section-height-default elementor-section-height-default\" data-id=\"08b600c\" data-element_type=\"section\">\n\t\t\t\t\t\t<div class=\"elementor-container elementor-column-gap-default\">\n\t\t\t\t\t<div class=\"elementor-column elementor-col-100 elementor-top-column elementor-element elementor-element-d86f609\" data-id=\"d86f609\" data-element_type=\"column\" data-settings=\"{&quot;background_background&quot;:&quot;classic&quot;}\">\n\t\t\t<div class=\"elementor-widget-wrap elementor-element-populated\">\n\t\t\t\t\t\t<div class=\"elementor-element elementor-element-3c9f528 elementor-widget elementor-widget-heading\" data-id=\"3c9f528\" data-element_type=\"widget\" data-widget_type=\"heading.default\">\n\t\t\t\t<div class=\"elementor-widget-container\">\n\t\t\t\t\t<h1 class=\"elementor-heading-title elementor-size-default\">Salone dell'orso<\/h1>\t\t\t\t<\/div>\n\t\t\t\t<\/div>\n\t\t\t\t<div class=\"elementor-element elementor-element-f185846 elementor-widget elementor-widget-heading\" data-id=\"f185846\" data-element_type=\"widget\" data-widget_type=\"heading.default\">\n\t\t\t\t<div class=\"elementor-widget-container\">\n\t\t\t\t\t<h2 class=\"elementor-heading-title elementor-size-default\">~ Seminari, feste private e catering<\/h2>\t\t\t\t<\/div>\n\t\t\t\t<\/div>\n\t\t\t\t\t<\/div>\n\t\t<\/div>\n\t\t\t\t\t<\/div>\n\t\t<\/section>\n\t\t\t\t<section class=\"elementor-section elementor-top-section elementor-element elementor-element-1db207b elementor-section-boxed elementor-section-height-default elementor-section-height-default\" data-id=\"1db207b\" data-element_type=\"section\">\n\t\t\t\t\t\t<div class=\"elementor-container elementor-column-gap-default\">\n\t\t\t\t\t<div class=\"elementor-column elementor-col-100 elementor-top-column elementor-element elementor-element-e530181\" data-id=\"e530181\" data-element_type=\"column\">\n\t\t\t<div class=\"elementor-widget-wrap elementor-element-populated\">\n\t\t\t\t\t\t<div class=\"elementor-element elementor-element-207f668 elementor-hidden-desktop elementor-hidden-tablet elementor-widget elementor-widget-image\" data-id=\"207f668\" data-element_type=\"widget\" data-widget_type=\"image.default\">\n\t\t\t\t<div class=\"elementor-widget-container\">\n\t\t\t\t\t\t\t\t\t\t\t\t\t\t\t<img fetchpriority=\"high\" decoding=\"async\" width=\"1024\" height=\"416\" src=\"https:\/\/linz-hotel.at\/wp-content\/uploads\/hotel-schwarzer-baer-baerenstube-catering-1024x416.jpg\" class=\"attachment-large size-large wp-image-1493\" alt=\"\" srcset=\"https:\/\/linz-hotel.at\/wp-content\/uploads\/hotel-schwarzer-baer-baerenstube-catering-1024x416.jpg 1024w, https:\/\/linz-hotel.at\/wp-content\/uploads\/hotel-schwarzer-baer-baerenstube-catering-300x122.jpg 300w, https:\/\/linz-hotel.at\/wp-content\/uploads\/hotel-schwarzer-baer-baerenstube-catering-768x312.jpg 768w, https:\/\/linz-hotel.at\/wp-content\/uploads\/hotel-schwarzer-baer-baerenstube-catering-1536x624.jpg 1536w, https:\/\/linz-hotel.at\/wp-content\/uploads\/hotel-schwarzer-baer-baerenstube-catering.jpg 1600w\" sizes=\"(max-width: 1024px) 100vw, 1024px\" \/>\t\t\t\t\t\t\t\t\t\t\t\t\t\t\t<\/div>\n\t\t\t\t<\/div>\n\t\t\t\t<div class=\"elementor-element elementor-element-3c09971 elementor-widget elementor-widget-text-editor\" data-id=\"3c09971\" data-element_type=\"widget\" data-widget_type=\"text-editor.default\">\n\t\t\t\t<div class=\"elementor-widget-container\">\n\t\t\t\t\t\t\t\t\t<h4>Godetevi il vostro evento nell&#8217;ambiente tradizionale dell&#8217;Alta Austria della B\u00e4renstube!<\/h4>\n<p><strong>Che si tratti di un compleanno, di un anniversario, di una festa aziendale o di Natale. La B\u00e4renstube offre l&#8217;ambiente giusto per voi e i vostri ospiti.<\/strong><\/p>\n<p><strong><span style=\"text-decoration: underline;\">Infrastrutture<\/span><\/strong><br \/>Composta da due sale separate da una porta scorrevole, la B\u00e4renstube pu\u00f2 ospitare gruppi da 20 a 100 persone. Entrambe le camere sono servite da un proprio bar e dispongono di servizi igienici separati dall&#8217;hotel.<\/p>\n<p>A seconda del tempo, il <strong>giardino degli ospiti nel cortile interno<\/strong> \u00e8 disponibile per i vostri eventi.<br \/>\u00c8 possibile anche un <strong>ingresso separato attraverso il cortile interno<\/strong> e il giardino degli ospiti, su prenotazione.<\/p>\n<p><strong><span style=\"text-decoration: underline;\">Ristorazione<\/span><\/strong><br \/>La cucina interna \u00e8 disponibile per il catering del vostro evento.<br \/>Il nostro chef Dieter G\u00fctlbauer prepara <strong>men\u00f9 e buffet personalizzati<\/strong> in base ai vostri desideri.<\/p>\n<p>In linea con l&#8217;ambiente rustico e onesto, la nostra cucina offre anche specialit\u00e0 come &#8220;Brat&#8217;l in der Rein&#8221; o &#8220;Schlachtplatten&#8221; per una cena conviviale.<\/p>\n<p><span style=\"text-decoration: underline;\"><strong>Quel qualcosa in pi\u00f9<\/strong><\/span><br \/>Nella nostra B\u00e4renstube troverete pura armonia. Questo si pu\u00f2 prevedere anche con l&#8217;accompagnamento del vino. Il nostro Dipl. Il sommelier e padrone di casa Michael Nell ha preparato per voi un&#8217;ampia selezione dei migliori vini locali.<\/p>\n<p>Il capo chef Dieter G\u00fctlbauer e il suo team si concentrano interamente su una cucina onesta e autentica, in cui i prodotti freschi del mercato sono sempre al centro dell&#8217;attenzione.<br \/>Viene servita cucina austriaca con influenze mediterranee. Tutti gli ingredienti provengono da produzioni regionali. Selezionati con cura, preparati freschi e squisiti, sperimenterete le delizie culinarie dell&#8217;Alta Austria.<\/p>\n<p>Abbiamo ottenuto il marchio di qualit\u00e0 AMA Gastro per la preparazione di cibi freschi e l&#8217;uso di ingredienti regionali.<\/p>\n\t\t\t\t\t\t\t\t<\/div>\n\t\t\t\t<\/div>\n\t\t\t\t\t<\/div>\n\t\t<\/div>\n\t\t\t\t\t<\/div>\n\t\t<\/section>\n\t\t\t\t<section class=\"elementor-section elementor-top-section elementor-element elementor-element-ca21cb0 elementor-section-boxed elementor-section-height-default elementor-section-height-default\" data-id=\"ca21cb0\" data-element_type=\"section\">\n\t\t\t\t\t\t<div class=\"elementor-container elementor-column-gap-default\">\n\t\t\t\t\t<div class=\"elementor-column elementor-col-50 elementor-top-column elementor-element elementor-element-77b8eed\" data-id=\"77b8eed\" data-element_type=\"column\">\n\t\t\t<div class=\"elementor-widget-wrap elementor-element-populated\">\n\t\t\t\t\t\t<div class=\"elementor-element elementor-element-eec0368 elementor-widget elementor-widget-text-editor\" data-id=\"eec0368\" data-element_type=\"widget\" data-widget_type=\"text-editor.default\">\n\t\t\t\t<div class=\"elementor-widget-container\">\n\t\t\t\t\t\t\t\t\t<p>La signora Larissa Ehrengruber sar\u00e0 lieta di ricevere le vostre richieste per un&#8217;offerta o un sopralluogo individuale all&#8217;indirizzo <a href=\"mailto:reservierung@linz-hotel.at\">reservierung@linz-hotel.at<\/a> o al numero di telefono <a href=\"tel:+43732772477\">0732 77 24 77<\/a>.<\/p>\n\t\t\t\t\t\t\t\t<\/div>\n\t\t\t\t<\/div>\n\t\t\t\t\t<\/div>\n\t\t<\/div>\n\t\t\t\t<div class=\"elementor-column elementor-col-50 elementor-top-column elementor-element elementor-element-0aba26b\" data-id=\"0aba26b\" data-element_type=\"column\">\n\t\t\t<div class=\"elementor-widget-wrap elementor-element-populated\">\n\t\t\t\t\t\t<div class=\"elementor-element elementor-element-92793bc elementor-widget elementor-widget-image\" data-id=\"92793bc\" data-element_type=\"widget\" data-widget_type=\"image.default\">\n\t\t\t\t<div class=\"elementor-widget-container\">\n\t\t\t\t\t\t\t\t\t\t\t\t\t\t\t<img decoding=\"async\" width=\"650\" height=\"500\" src=\"https:\/\/linz-hotel.at\/wp-content\/uploads\/hotel-schwarzer-baer-baerenstube-wein.jpg\" class=\"attachment-full size-full wp-image-1498\" alt=\"\" srcset=\"https:\/\/linz-hotel.at\/wp-content\/uploads\/hotel-schwarzer-baer-baerenstube-wein.jpg 650w, https:\/\/linz-hotel.at\/wp-content\/uploads\/hotel-schwarzer-baer-baerenstube-wein-300x231.jpg 300w\" sizes=\"(max-width: 650px) 100vw, 650px\" \/>\t\t\t\t\t\t\t\t\t\t\t\t\t\t\t<\/div>\n\t\t\t\t<\/div>\n\t\t\t\t\t<\/div>\n\t\t<\/div>\n\t\t\t\t\t<\/div>\n\t\t<\/section>\n\t\t\t\t<section class=\"elementor-section elementor-top-section elementor-element elementor-element-bc45883 elementor-section-boxed elementor-section-height-default elementor-section-height-default\" data-id=\"bc45883\" data-element_type=\"section\">\n\t\t\t\t\t\t<div class=\"elementor-container elementor-column-gap-default\">\n\t\t\t\t\t<div class=\"elementor-column elementor-col-50 elementor-top-column elementor-element elementor-element-0aea4fa\" data-id=\"0aea4fa\" data-element_type=\"column\">\n\t\t\t<div class=\"elementor-widget-wrap elementor-element-populated\">\n\t\t\t\t\t\t<div class=\"elementor-element elementor-element-812dce6 elementor-widget elementor-widget-image\" data-id=\"812dce6\" data-element_type=\"widget\" data-widget_type=\"image.default\">\n\t\t\t\t<div class=\"elementor-widget-container\">\n\t\t\t\t\t\t\t\t\t\t\t\t\t\t\t<img decoding=\"async\" width=\"650\" height=\"500\" src=\"https:\/\/linz-hotel.at\/wp-content\/uploads\/hotel-schwarzer-baer-baerenstube-schild.jpg\" class=\"attachment-large size-large wp-image-1495\" alt=\"\" srcset=\"https:\/\/linz-hotel.at\/wp-content\/uploads\/hotel-schwarzer-baer-baerenstube-schild.jpg 650w, https:\/\/linz-hotel.at\/wp-content\/uploads\/hotel-schwarzer-baer-baerenstube-schild-300x231.jpg 300w\" sizes=\"(max-width: 650px) 100vw, 650px\" \/>\t\t\t\t\t\t\t\t\t\t\t\t\t\t\t<\/div>\n\t\t\t\t<\/div>\n\t\t\t\t\t<\/div>\n\t\t<\/div>\n\t\t\t\t<div class=\"elementor-column elementor-col-50 elementor-top-column elementor-element elementor-element-78eca4b\" data-id=\"78eca4b\" data-element_type=\"column\">\n\t\t\t<div class=\"elementor-widget-wrap elementor-element-populated\">\n\t\t\t\t\t\t<div class=\"elementor-element elementor-element-11a5798 elementor-widget elementor-widget-image\" data-id=\"11a5798\" data-element_type=\"widget\" data-widget_type=\"image.default\">\n\t\t\t\t<div class=\"elementor-widget-container\">\n\t\t\t\t\t\t\t\t\t\t\t\t\t\t\t<img loading=\"lazy\" decoding=\"async\" width=\"650\" height=\"500\" src=\"https:\/\/linz-hotel.at\/wp-content\/uploads\/blog-hotel-schwarzer-baer-mittag-lunch-2.jpg\" class=\"attachment-large size-large wp-image-482\" alt=\"\" srcset=\"https:\/\/linz-hotel.at\/wp-content\/uploads\/blog-hotel-schwarzer-baer-mittag-lunch-2.jpg 650w, https:\/\/linz-hotel.at\/wp-content\/uploads\/blog-hotel-schwarzer-baer-mittag-lunch-2-300x231.jpg 300w\" sizes=\"(max-width: 650px) 100vw, 650px\" \/>\t\t\t\t\t\t\t\t\t\t\t\t\t\t\t<\/div>\n\t\t\t\t<\/div>\n\t\t\t\t<div class=\"elementor-element elementor-element-e24039b elementor-widget elementor-widget-spacer\" data-id=\"e24039b\" data-element_type=\"widget\" data-widget_type=\"spacer.default\">\n\t\t\t\t<div class=\"elementor-widget-container\">\n\t\t\t\t\t\t\t<div class=\"elementor-spacer\">\n\t\t\t<div class=\"elementor-spacer-inner\"><\/div>\n\t\t<\/div>\n\t\t\t\t\t\t<\/div>\n\t\t\t\t<\/div>\n\t\t\t\t\t<\/div>\n\t\t<\/div>\n\t\t\t\t\t<\/div>\n\t\t<\/section>\n\t\t\t\t<\/div>\n\t\t","protected":false},"excerpt":{"rendered":"<p>Salone dell&#8217;orso ~ Seminari, feste private e catering Godetevi il vostro evento nell&#8217;ambiente tradizionale dell&#8217;Alta Austria della B\u00e4renstube! Che si tratti di un compleanno, di un anniversario, di una festa aziendale o di Natale. La B\u00e4renstube offre l&#8217;ambiente giusto per voi e i vostri ospiti. InfrastruttureComposta da due sale separate da una porta scorrevole, la [&hellip;]<\/p>\n","protected":false},"author":1,"featured_media":0,"parent":0,"menu_order":0,"comment_status":"closed","ping_status":"closed","template":"","meta":{"site-sidebar-layout":"no-sidebar","site-content-layout":"page-builder","ast-site-content-layout":"default","site-content-style":"default","site-sidebar-style":"default","ast-global-header-display":"","ast-banner-title-visibility":"","ast-main-header-display":"","ast-hfb-above-header-display":"","ast-hfb-below-header-display":"","ast-hfb-mobile-header-display":"","site-post-title":"disabled","ast-breadcrumbs-content":"","ast-featured-img":"disabled","footer-sml-layout":"","theme-transparent-header-meta":"disabled","adv-header-id-meta":"","stick-header-meta":"","header-above-stick-meta":"","header-main-stick-meta":"","header-below-stick-meta":"","astra-migrate-meta-layouts":"default","ast-page-background-enabled":"default","ast-page-background-meta":{"desktop":{"background-color":"var(--ast-global-color-4)","background-image":"","background-repeat":"repeat","background-position":"center center","background-size":"auto","background-attachment":"scroll","background-type":"","background-media":"","overlay-type":"","overlay-color":"","overlay-opacity":"","overlay-gradient":""},"tablet":{"background-color":"","background-image":"","background-repeat":"repeat","background-position":"center center","background-size":"auto","background-attachment":"scroll","background-type":"","background-media":"","overlay-type":"","overlay-color":"","overlay-opacity":"","overlay-gradient":""},"mobile":{"background-color":"","background-image":"","background-repeat":"repeat","background-position":"center center","background-size":"auto","background-attachment":"scroll","background-type":"","background-media":"","overlay-type":"","overlay-color":"","overlay-opacity":"","overlay-gradient":""}},"ast-content-background-meta":{"desktop":{"background-color":"var(--ast-global-color-5)","background-image":"","background-repeat":"repeat","background-position":"center center","background-size":"auto","background-attachment":"scroll","background-type":"","background-media":"","overlay-type":"","overlay-color":"","overlay-opacity":"","overlay-gradient":""},"tablet":{"background-color":"var(--ast-global-color-5)","background-image":"","background-repeat":"repeat","background-position":"center center","background-size":"auto","background-attachment":"scroll","background-type":"","background-media":"","overlay-type":"","overlay-color":"","overlay-opacity":"","overlay-gradient":""},"mobile":{"background-color":"var(--ast-global-color-5)","background-image":"","background-repeat":"repeat","background-position":"center center","background-size":"auto","background-attachment":"scroll","background-type":"","background-media":"","overlay-type":"","overlay-color":"","overlay-opacity":"","overlay-gradient":""}},"footnotes":""},"class_list":["post-1488","page","type-page","status-publish","hentry"],"yoast_head":"<!-- This site is optimized with the Yoast SEO plugin v25.9 - https:\/\/yoast.com\/wordpress\/plugins\/seo\/ -->\n<title>B\u00e4renstube - Ristorante, feste private e catering<\/title>\n<meta name=\"description\" content=\"La B\u00e4renstube dell&#039;Hotel Schwarzer B\u00e4r \u00e8 un ristorante in stile austriaco dove potrete gustare le nostre prelibatezze dopo la vostra giornata a Linz.\" \/>\n<meta name=\"robots\" content=\"index, follow, max-snippet:-1, max-image-preview:large, max-video-preview:-1\" \/>\n<link rel=\"canonical\" href=\"https:\/\/linz-hotel.at\/it\/salone-dellorso\/\" \/>\n<meta property=\"og:locale\" content=\"it_IT\" \/>\n<meta property=\"og:type\" content=\"article\" \/>\n<meta property=\"og:title\" content=\"B\u00e4renstube - Ristorante, feste private e catering\" \/>\n<meta property=\"og:description\" content=\"La B\u00e4renstube dell&#039;Hotel Schwarzer B\u00e4r \u00e8 un ristorante in stile austriaco dove potrete gustare le nostre prelibatezze dopo la vostra giornata a Linz.\" \/>\n<meta property=\"og:url\" content=\"https:\/\/linz-hotel.at\/it\/salone-dellorso\/\" \/>\n<meta property=\"og:site_name\" content=\"Hotel Schwarzer B\u00e4r Linz\" \/>\n<meta property=\"article:publisher\" content=\"https:\/\/www.facebook.com\/schwarzerbaer\" \/>\n<meta property=\"article:modified_time\" content=\"2024-02-04T10:56:18+00:00\" \/>\n<meta property=\"og:image\" content=\"https:\/\/linz-hotel.at\/wp-content\/uploads\/hotel-schwarzer-baer-baerenstube-catering-1024x416.jpg\" \/>\n<meta name=\"twitter:card\" content=\"summary_large_image\" \/>\n<meta name=\"twitter:label1\" content=\"Tempo di lettura stimato\" \/>\n\t<meta name=\"twitter:data1\" content=\"2 minuti\" \/>\n<script type=\"application\/ld+json\" class=\"yoast-schema-graph\">{\"@context\":\"https:\/\/schema.org\",\"@graph\":[{\"@type\":\"WebPage\",\"@id\":\"https:\/\/linz-hotel.at\/it\/salone-dellorso\/\",\"url\":\"https:\/\/linz-hotel.at\/it\/salone-dellorso\/\",\"name\":\"B\u00e4renstube - Ristorante, feste private e catering\",\"isPartOf\":{\"@id\":\"https:\/\/linz-hotel.at\/it\/#website\"},\"primaryImageOfPage\":{\"@id\":\"https:\/\/linz-hotel.at\/it\/salone-dellorso\/#primaryimage\"},\"image\":{\"@id\":\"https:\/\/linz-hotel.at\/it\/salone-dellorso\/#primaryimage\"},\"thumbnailUrl\":\"https:\/\/linz-hotel.at\/wp-content\/uploads\/hotel-schwarzer-baer-baerenstube-catering-1024x416.jpg\",\"datePublished\":\"2023-06-14T16:11:08+00:00\",\"dateModified\":\"2024-02-04T10:56:18+00:00\",\"description\":\"La B\u00e4renstube dell'Hotel Schwarzer B\u00e4r \u00e8 un ristorante in stile austriaco dove potrete gustare le nostre prelibatezze dopo la vostra giornata a Linz.\",\"breadcrumb\":{\"@id\":\"https:\/\/linz-hotel.at\/it\/salone-dellorso\/#breadcrumb\"},\"inLanguage\":\"it-IT\",\"potentialAction\":[{\"@type\":\"ReadAction\",\"target\":[\"https:\/\/linz-hotel.at\/it\/salone-dellorso\/\"]}]},{\"@type\":\"ImageObject\",\"inLanguage\":\"it-IT\",\"@id\":\"https:\/\/linz-hotel.at\/it\/salone-dellorso\/#primaryimage\",\"url\":\"https:\/\/linz-hotel.at\/wp-content\/uploads\/hotel-schwarzer-baer-baerenstube-catering-1024x416.jpg\",\"contentUrl\":\"https:\/\/linz-hotel.at\/wp-content\/uploads\/hotel-schwarzer-baer-baerenstube-catering-1024x416.jpg\"},{\"@type\":\"BreadcrumbList\",\"@id\":\"https:\/\/linz-hotel.at\/it\/salone-dellorso\/#breadcrumb\",\"itemListElement\":[{\"@type\":\"ListItem\",\"position\":1,\"name\":\"Startseite\",\"item\":\"https:\/\/linz-hotel.at\/it\/\"},{\"@type\":\"ListItem\",\"position\":2,\"name\":\"Salone dell&#8217;orso\"}]},{\"@type\":\"WebSite\",\"@id\":\"https:\/\/linz-hotel.at\/it\/#website\",\"url\":\"https:\/\/linz-hotel.at\/it\/\",\"name\":\"Hotel Schwarzer B\u00e4r Linz\",\"description\":\"Hotel Schwarzer B\u00e4r Linz\",\"potentialAction\":[{\"@type\":\"SearchAction\",\"target\":{\"@type\":\"EntryPoint\",\"urlTemplate\":\"https:\/\/linz-hotel.at\/it\/?s={search_term_string}\"},\"query-input\":{\"@type\":\"PropertyValueSpecification\",\"valueRequired\":true,\"valueName\":\"search_term_string\"}}],\"inLanguage\":\"it-IT\"}]}<\/script>\n<!-- \/ Yoast SEO plugin. -->","yoast_head_json":{"title":"B\u00e4renstube - Ristorante, feste private e catering","description":"La B\u00e4renstube dell'Hotel Schwarzer B\u00e4r \u00e8 un ristorante in stile austriaco dove potrete gustare le nostre prelibatezze dopo la vostra giornata a Linz.","robots":{"index":"index","follow":"follow","max-snippet":"max-snippet:-1","max-image-preview":"max-image-preview:large","max-video-preview":"max-video-preview:-1"},"canonical":"https:\/\/linz-hotel.at\/it\/salone-dellorso\/","og_locale":"it_IT","og_type":"article","og_title":"B\u00e4renstube - Ristorante, feste private e catering","og_description":"La B\u00e4renstube dell'Hotel Schwarzer B\u00e4r \u00e8 un ristorante in stile austriaco dove potrete gustare le nostre prelibatezze dopo la vostra giornata a Linz.","og_url":"https:\/\/linz-hotel.at\/it\/salone-dellorso\/","og_site_name":"Hotel Schwarzer B\u00e4r Linz","article_publisher":"https:\/\/www.facebook.com\/schwarzerbaer","article_modified_time":"2024-02-04T10:56:18+00:00","og_image":[{"url":"https:\/\/linz-hotel.at\/wp-content\/uploads\/hotel-schwarzer-baer-baerenstube-catering-1024x416.jpg","type":"","width":"","height":""}],"twitter_card":"summary_large_image","twitter_misc":{"Tempo di lettura stimato":"2 minuti"},"schema":{"@context":"https:\/\/schema.org","@graph":[{"@type":"WebPage","@id":"https:\/\/linz-hotel.at\/it\/salone-dellorso\/","url":"https:\/\/linz-hotel.at\/it\/salone-dellorso\/","name":"B\u00e4renstube - Ristorante, feste private e catering","isPartOf":{"@id":"https:\/\/linz-hotel.at\/it\/#website"},"primaryImageOfPage":{"@id":"https:\/\/linz-hotel.at\/it\/salone-dellorso\/#primaryimage"},"image":{"@id":"https:\/\/linz-hotel.at\/it\/salone-dellorso\/#primaryimage"},"thumbnailUrl":"https:\/\/linz-hotel.at\/wp-content\/uploads\/hotel-schwarzer-baer-baerenstube-catering-1024x416.jpg","datePublished":"2023-06-14T16:11:08+00:00","dateModified":"2024-02-04T10:56:18+00:00","description":"La B\u00e4renstube dell'Hotel Schwarzer B\u00e4r \u00e8 un ristorante in stile austriaco dove potrete gustare le nostre prelibatezze dopo la vostra giornata a Linz.","breadcrumb":{"@id":"https:\/\/linz-hotel.at\/it\/salone-dellorso\/#breadcrumb"},"inLanguage":"it-IT","potentialAction":[{"@type":"ReadAction","target":["https:\/\/linz-hotel.at\/it\/salone-dellorso\/"]}]},{"@type":"ImageObject","inLanguage":"it-IT","@id":"https:\/\/linz-hotel.at\/it\/salone-dellorso\/#primaryimage","url":"https:\/\/linz-hotel.at\/wp-content\/uploads\/hotel-schwarzer-baer-baerenstube-catering-1024x416.jpg","contentUrl":"https:\/\/linz-hotel.at\/wp-content\/uploads\/hotel-schwarzer-baer-baerenstube-catering-1024x416.jpg"},{"@type":"BreadcrumbList","@id":"https:\/\/linz-hotel.at\/it\/salone-dellorso\/#breadcrumb","itemListElement":[{"@type":"ListItem","position":1,"name":"Startseite","item":"https:\/\/linz-hotel.at\/it\/"},{"@type":"ListItem","position":2,"name":"Salone dell&#8217;orso"}]},{"@type":"WebSite","@id":"https:\/\/linz-hotel.at\/it\/#website","url":"https:\/\/linz-hotel.at\/it\/","name":"Hotel Schwarzer B\u00e4r Linz","description":"Hotel Schwarzer B\u00e4r Linz","potentialAction":[{"@type":"SearchAction","target":{"@type":"EntryPoint","urlTemplate":"https:\/\/linz-hotel.at\/it\/?s={search_term_string}"},"query-input":{"@type":"PropertyValueSpecification","valueRequired":true,"valueName":"search_term_string"}}],"inLanguage":"it-IT"}]}},"_links":{"self":[{"href":"https:\/\/linz-hotel.at\/it\/wp-json\/wp\/v2\/pages\/1488","targetHints":{"allow":["GET"]}}],"collection":[{"href":"https:\/\/linz-hotel.at\/it\/wp-json\/wp\/v2\/pages"}],"about":[{"href":"https:\/\/linz-hotel.at\/it\/wp-json\/wp\/v2\/types\/page"}],"author":[{"embeddable":true,"href":"https:\/\/linz-hotel.at\/it\/wp-json\/wp\/v2\/users\/1"}],"replies":[{"embeddable":true,"href":"https:\/\/linz-hotel.at\/it\/wp-json\/wp\/v2\/comments?post=1488"}],"version-history":[{"count":3,"href":"https:\/\/linz-hotel.at\/it\/wp-json\/wp\/v2\/pages\/1488\/revisions"}],"predecessor-version":[{"id":1572,"href":"https:\/\/linz-hotel.at\/it\/wp-json\/wp\/v2\/pages\/1488\/revisions\/1572"}],"wp:attachment":[{"href":"https:\/\/linz-hotel.at\/it\/wp-json\/wp\/v2\/media?parent=1488"}],"curies":[{"name":"wp","href":"https:\/\/api.w.org\/{rel}","templated":true}]}}